{"id":417,"date":"2024-07-01T23:29:18","date_gmt":"2024-07-01T21:29:18","guid":{"rendered":"https:\/\/www.jozefsedlak.sk\/?post_type=galeria&#038;p=417"},"modified":"2024-07-15T21:53:03","modified_gmt":"2024-07-15T19:53:03","slug":"projekt-kolektivneho-zjednotenia-i-ii-1986-1987","status":"publish","type":"galeria","link":"https:\/\/www.jozefsedlak.sk\/en\/galeria\/projekt-kolektivneho-zjednotenia-i-ii-1986-1987\/","title":{"rendered":"Projekt kolekt\u00edvneho zjednotenia I., II.\u00a0 1986 \u2013 1987"},"content":{"rendered":"\n<p><strong>Projekt kolekt\u00edvneho zjednotenia I., II.&nbsp; 1986 \u2013 1987<\/strong><\/p>\n\n\n\n<p>Projekt kolekt\u00edvneho zjednotenia, vznikol ako ironizuj\u00faci odkaz skupinovej terapie \u201ere\u0161taurovania\u201c zo starej identity na nov\u00fa. Zachyt\u00e1va pracovn\u00edkov \u0161t\u00e1tnej in\u0161tit\u00facie v re\u00e1lnom pracovnom \u010dase. Cenz\u00fara, prekr\u00fdvanie a zahmlievanie sa odohr\u00e1vali v mentalite kult\u00farneho a politick\u00e9ho dikt\u00e1tu, ktor\u00fd predstavovala spolitizovan\u00e1 l\u00ednia propagandy. Synonymom prekry-tia sa stalo obmedzovanie a potl\u00e1\u010danie prejavov smeruj\u00facich k slobodn\u00e9mu a individu\u00e1lnemu pre\u017e\u00edvaniu osobnej identity v s\u00fakromnom, pracovnom a verejnom priestore. Postavy kolegov reprezentuj\u00fa sk\u00f4r pr\u00edbuznos\u0165 a odli\u0161nos\u0165&nbsp; n\u00e1hradnej existencie. Predpokladaj\u00fa n\u00faten\u00fa pau\u0161aliz\u00e1ciu&nbsp; hodnotov\u00fdch vz\u0165ahov komunity, ktor\u00e9 sa l\u00ed\u0161ia mierou svojej konformnosti s modelov\u00fdmi obrazmi prezentovan\u00fdmi propagandou. Podstatn\u00fd pre m\u0148a bol syst\u00e9m skryt\u00fdch v\u00fdznamov, vych\u00e1dzaj\u00faci zo stroh\u00e9ho dokumentu skupinov\u00e9ho sociologick\u00e9ho portr\u00e9tu a kamufl\u00e1\u017ee \u013eudskej tv\u00e1re a&nbsp;jej identity. Absencia pravej identity metaforicky predstavovala probl\u00e9m za\u017e\u00edvanej cenz\u00fary, ktorej cie\u013eom nebolo ukazova\u0165, ale posudzova\u0165 a triedi\u0165 existuj\u00face obrazy spolo\u010dnosti, str\u00e1\u017ei\u0165 demarkan\u010dn\u00fa l\u00edniu medzi ideologicky vhodn\u00fdm a nevhodn\u00fdm obsahom a odstra\u0148ova\u0165&nbsp; z obehu pochybn\u00e9, alebo inak nevhodn\u00e9 produkty umenia. (Dvakr\u00e1t \u017eiv\u00e1 fotografia, 2018).<\/p>\n\n\n\n<p><strong>The Collective unification project I and II, 1986 \u2013 1987<\/strong><\/p>\n\n\n\n<p>The Collective unification project was created as an ironizing reference to \u201crestoring\u201d the old identity of a group therapy to a new one. It captures the workers of a state organization during real working time. In a mentality of cultural and political dictates, which was represented by the political line of propaganda, the censorship, cover-ups and smoke screen-ing were enacted. The restriction and oppresion of state-ments leading to liberal and individual experience of personal identity in private, working and public space became the synonym of cover-ups. The figures of colleagues represent rather both a relationship and a difference of artificial existence. What is involved is the forced measurement of the relationships of the community based on values that are varied to the extent of their conformity with model images presented by the propaganda. Substantial for me was the system of hidden meanings that came out from the strict document of a group sociological portrait and the camouflage of the human face and its identity. Metaphorically, the absence of the authentic identity constitutes a problem of the everyday censorship the aim of which was not to point at, but to judge and grade the existing images of the society, to guard the demarcation line between the ideologically suitable and unsuitable contents and to eliminate questionable or otherwise unsuitable products of art from circulation (live photography twice, 2018).<\/p>\n","protected":false},"featured_media":418,"template":"","meta":{"_acf_changed":true,"site-sidebar-layout":"default","site-content-layout":"","ast-site-content-layout":"default","site-content-style":"default","site-sidebar-style":"default","ast-global-header-display":"","ast-banner-title-visibility":"","ast-main-header-display":"","ast-hfb-above-header-display":"","ast-hfb-below-header-display":"","ast-hfb-mobile-header-display":"","site-post-title":"","ast-breadcrumbs-content":"","ast-featured-img":"","footer-sml-layout":"","ast-disable-related-posts":"","theme-transparent-header-meta":"","adv-header-id-meta":"","stick-header-meta":"","header-above-stick-meta":"","header-main-stick-meta":"","header-below-stick-meta":"","astra-migrate-meta-layouts":"default","ast-page-background-enabled":"default","ast-page-background-meta":{"desktop":{"background-color":"var(--ast-global-color-4)","background-image":"","background-repeat":"repeat","background-position":"center center","background-size":"auto","background-attachment":"scroll","background-type":"","background-media":"","overlay-type":"","overlay-color":"","overlay-opacity":"","overlay-gradient":""},"tablet":{"background-color":"","background-image":"","background-repeat":"repeat","background-position":"center center","background-size":"auto","background-attachment":"scroll","background-type":"","background-media":"","overlay-type":"","overlay-color":"","overlay-opacity":"","overlay-gradient":""},"mobile":{"background-color":"","background-image":"","background-repeat":"repeat","background-position":"center center","background-size":"auto","background-attachment":"scroll","background-type":"","background-media":"","overlay-type":"","overlay-color":"","overlay-opacity":"","overlay-gradient":""}},"ast-content-background-meta":{"desktop":{"background-color":"var(--ast-global-color-5)","background-image":"","background-repeat":"repeat","background-position":"center center","background-size":"auto","background-attachment":"scroll","background-type":"","background-media":"","overlay-type":"","overlay-color":"","overlay-opacity":"","overlay-gradient":""},"tablet":{"background-color":"var(--ast-global-color-5)","background-image":"","background-repeat":"repeat","background-position":"center center","background-size":"auto","background-attachment":"scroll","background-type":"","background-media":"","overlay-type":"","overlay-color":"","overlay-opacity":"","overlay-gradient":""},"mobile":{"background-color":"var(--ast-global-color-5)","background-image":"","background-repeat":"repeat","background-position":"center center","background-size":"auto","background-attachment":"scroll","background-type":"","background-media":"","overlay-type":"","overlay-color":"","overlay-opacity":"","overlay-gradient":""}}},"kat":[10],"class_list":["post-417","galeria","type-galeria","status-publish","has-post-thumbnail","hentry","kat-projekty-1980-2024"],"acf":[],"yoast_head":"<!-- This site is optimized with the Yoast SEO plugin v27.4 - https:\/\/yoast.com\/product\/yoast-seo-wordpress\/ -->\n<title>Projekt kolekt\u00edvneho zjednotenia I., II.\u00a0 1986 \u2013 1987 - Jozef Sedl\u00e1k<\/title>\n<meta name=\"robots\" content=\"index, follow, max-snippet:-1, max-image-preview:large, max-video-preview:-1\" \/>\n<link rel=\"canonical\" href=\"https:\/\/www.jozefsedlak.sk\/en\/galeria\/projekt-kolektivneho-zjednotenia-i-ii-1986-1987\/\" \/>\n<meta property=\"og:locale\" content=\"en_US\" \/>\n<meta property=\"og:type\" content=\"article\" \/>\n<meta property=\"og:title\" content=\"Projekt kolekt\u00edvneho zjednotenia I., II.\u00a0 1986 \u2013 1987 - Jozef Sedl\u00e1k\" \/>\n<meta property=\"og:description\" content=\"Projekt kolekt\u00edvneho zjednotenia I., II.&nbsp; 1986 \u2013 1987 Projekt kolekt\u00edvneho zjednotenia, vznikol ako ironizuj\u00faci odkaz skupinovej terapie \u201ere\u0161taurovania\u201c zo starej [&hellip;]\" \/>\n<meta property=\"og:url\" content=\"https:\/\/www.jozefsedlak.sk\/en\/galeria\/projekt-kolektivneho-zjednotenia-i-ii-1986-1987\/\" \/>\n<meta property=\"og:site_name\" content=\"Jozef Sedl\u00e1k\" \/>\n<meta property=\"article:modified_time\" content=\"2024-07-15T19:53:03+00:00\" \/>\n<meta property=\"og:image\" content=\"https:\/\/www.jozefsedlak.sk\/wp-content\/uploads\/2024\/07\/Zjednotenie_1.jpg\" \/>\n\t<meta property=\"og:image:width\" content=\"1436\" \/>\n\t<meta property=\"og:image:height\" content=\"1400\" \/>\n\t<meta property=\"og:image:type\" content=\"image\/jpeg\" \/>\n<meta name=\"twitter:card\" content=\"summary_large_image\" \/>\n<meta name=\"twitter:label1\" content=\"Est. reading time\" \/>\n\t<meta name=\"twitter:data1\" content=\"3 minutes\" \/>\n<script type=\"application\/ld+json\" class=\"yoast-schema-graph\">{\"@context\":\"https:\\\/\\\/schema.org\",\"@graph\":[{\"@type\":\"WebPage\",\"@id\":\"https:\\\/\\\/www.jozefsedlak.sk\\\/en\\\/galeria\\\/projekt-kolektivneho-zjednotenia-i-ii-1986-1987\\\/\",\"url\":\"https:\\\/\\\/www.jozefsedlak.sk\\\/en\\\/galeria\\\/projekt-kolektivneho-zjednotenia-i-ii-1986-1987\\\/\",\"name\":\"Projekt kolekt\u00edvneho zjednotenia I., II.\u00a0 1986 \u2013 1987 - Jozef Sedl\u00e1k\",\"isPartOf\":{\"@id\":\"https:\\\/\\\/www.jozefsedlak.sk\\\/en\\\/#website\"},\"primaryImageOfPage\":{\"@id\":\"https:\\\/\\\/www.jozefsedlak.sk\\\/en\\\/galeria\\\/projekt-kolektivneho-zjednotenia-i-ii-1986-1987\\\/#primaryimage\"},\"image\":{\"@id\":\"https:\\\/\\\/www.jozefsedlak.sk\\\/en\\\/galeria\\\/projekt-kolektivneho-zjednotenia-i-ii-1986-1987\\\/#primaryimage\"},\"thumbnailUrl\":\"https:\\\/\\\/www.jozefsedlak.sk\\\/wp-content\\\/uploads\\\/2024\\\/07\\\/Zjednotenie_1.jpg\",\"datePublished\":\"2024-07-01T21:29:18+00:00\",\"dateModified\":\"2024-07-15T19:53:03+00:00\",\"breadcrumb\":{\"@id\":\"https:\\\/\\\/www.jozefsedlak.sk\\\/en\\\/galeria\\\/projekt-kolektivneho-zjednotenia-i-ii-1986-1987\\\/#breadcrumb\"},\"inLanguage\":\"en-US\",\"potentialAction\":[{\"@type\":\"ReadAction\",\"target\":[\"https:\\\/\\\/www.jozefsedlak.sk\\\/en\\\/galeria\\\/projekt-kolektivneho-zjednotenia-i-ii-1986-1987\\\/\"]}]},{\"@type\":\"ImageObject\",\"inLanguage\":\"en-US\",\"@id\":\"https:\\\/\\\/www.jozefsedlak.sk\\\/en\\\/galeria\\\/projekt-kolektivneho-zjednotenia-i-ii-1986-1987\\\/#primaryimage\",\"url\":\"https:\\\/\\\/www.jozefsedlak.sk\\\/wp-content\\\/uploads\\\/2024\\\/07\\\/Zjednotenie_1.jpg\",\"contentUrl\":\"https:\\\/\\\/www.jozefsedlak.sk\\\/wp-content\\\/uploads\\\/2024\\\/07\\\/Zjednotenie_1.jpg\",\"width\":1436,\"height\":1400},{\"@type\":\"BreadcrumbList\",\"@id\":\"https:\\\/\\\/www.jozefsedlak.sk\\\/en\\\/galeria\\\/projekt-kolektivneho-zjednotenia-i-ii-1986-1987\\\/#breadcrumb\",\"itemListElement\":[{\"@type\":\"ListItem\",\"position\":1,\"name\":\"Domovsk\u00e1 str\u00e1nka\",\"item\":\"https:\\\/\\\/www.jozefsedlak.sk\\\/en\\\/\"},{\"@type\":\"ListItem\",\"position\":2,\"name\":\"Projekt kolekt\u00edvneho zjednotenia I., II.\u00a0 1986 \u2013 1987\"}]},{\"@type\":\"WebSite\",\"@id\":\"https:\\\/\\\/www.jozefsedlak.sk\\\/en\\\/#website\",\"url\":\"https:\\\/\\\/www.jozefsedlak.sk\\\/en\\\/\",\"name\":\"Jozef Sedl\u00e1k\",\"description\":\"\",\"potentialAction\":[{\"@type\":\"SearchAction\",\"target\":{\"@type\":\"EntryPoint\",\"urlTemplate\":\"https:\\\/\\\/www.jozefsedlak.sk\\\/en\\\/?s={search_term_string}\"},\"query-input\":{\"@type\":\"PropertyValueSpecification\",\"valueRequired\":true,\"valueName\":\"search_term_string\"}}],\"inLanguage\":\"en-US\"}]}<\/script>\n<!-- \/ Yoast SEO plugin. -->","yoast_head_json":{"title":"Projekt kolekt\u00edvneho zjednotenia I., II.\u00a0 1986 \u2013 1987 - Jozef Sedl\u00e1k","robots":{"index":"index","follow":"follow","max-snippet":"max-snippet:-1","max-image-preview":"max-image-preview:large","max-video-preview":"max-video-preview:-1"},"canonical":"https:\/\/www.jozefsedlak.sk\/en\/galeria\/projekt-kolektivneho-zjednotenia-i-ii-1986-1987\/","og_locale":"en_US","og_type":"article","og_title":"Projekt kolekt\u00edvneho zjednotenia I., II.\u00a0 1986 \u2013 1987 - Jozef Sedl\u00e1k","og_description":"Projekt kolekt\u00edvneho zjednotenia I., II.&nbsp; 1986 \u2013 1987 Projekt kolekt\u00edvneho zjednotenia, vznikol ako ironizuj\u00faci odkaz skupinovej terapie \u201ere\u0161taurovania\u201c zo starej [&hellip;]","og_url":"https:\/\/www.jozefsedlak.sk\/en\/galeria\/projekt-kolektivneho-zjednotenia-i-ii-1986-1987\/","og_site_name":"Jozef Sedl\u00e1k","article_modified_time":"2024-07-15T19:53:03+00:00","og_image":[{"width":1436,"height":1400,"url":"https:\/\/www.jozefsedlak.sk\/wp-content\/uploads\/2024\/07\/Zjednotenie_1.jpg","type":"image\/jpeg"}],"twitter_card":"summary_large_image","twitter_misc":{"Est. reading time":"3 minutes"},"schema":{"@context":"https:\/\/schema.org","@graph":[{"@type":"WebPage","@id":"https:\/\/www.jozefsedlak.sk\/en\/galeria\/projekt-kolektivneho-zjednotenia-i-ii-1986-1987\/","url":"https:\/\/www.jozefsedlak.sk\/en\/galeria\/projekt-kolektivneho-zjednotenia-i-ii-1986-1987\/","name":"Projekt kolekt\u00edvneho zjednotenia I., II.\u00a0 1986 \u2013 1987 - Jozef Sedl\u00e1k","isPartOf":{"@id":"https:\/\/www.jozefsedlak.sk\/en\/#website"},"primaryImageOfPage":{"@id":"https:\/\/www.jozefsedlak.sk\/en\/galeria\/projekt-kolektivneho-zjednotenia-i-ii-1986-1987\/#primaryimage"},"image":{"@id":"https:\/\/www.jozefsedlak.sk\/en\/galeria\/projekt-kolektivneho-zjednotenia-i-ii-1986-1987\/#primaryimage"},"thumbnailUrl":"https:\/\/www.jozefsedlak.sk\/wp-content\/uploads\/2024\/07\/Zjednotenie_1.jpg","datePublished":"2024-07-01T21:29:18+00:00","dateModified":"2024-07-15T19:53:03+00:00","breadcrumb":{"@id":"https:\/\/www.jozefsedlak.sk\/en\/galeria\/projekt-kolektivneho-zjednotenia-i-ii-1986-1987\/#breadcrumb"},"inLanguage":"en-US","potentialAction":[{"@type":"ReadAction","target":["https:\/\/www.jozefsedlak.sk\/en\/galeria\/projekt-kolektivneho-zjednotenia-i-ii-1986-1987\/"]}]},{"@type":"ImageObject","inLanguage":"en-US","@id":"https:\/\/www.jozefsedlak.sk\/en\/galeria\/projekt-kolektivneho-zjednotenia-i-ii-1986-1987\/#primaryimage","url":"https:\/\/www.jozefsedlak.sk\/wp-content\/uploads\/2024\/07\/Zjednotenie_1.jpg","contentUrl":"https:\/\/www.jozefsedlak.sk\/wp-content\/uploads\/2024\/07\/Zjednotenie_1.jpg","width":1436,"height":1400},{"@type":"BreadcrumbList","@id":"https:\/\/www.jozefsedlak.sk\/en\/galeria\/projekt-kolektivneho-zjednotenia-i-ii-1986-1987\/#breadcrumb","itemListElement":[{"@type":"ListItem","position":1,"name":"Domovsk\u00e1 str\u00e1nka","item":"https:\/\/www.jozefsedlak.sk\/en\/"},{"@type":"ListItem","position":2,"name":"Projekt kolekt\u00edvneho zjednotenia I., II.\u00a0 1986 \u2013 1987"}]},{"@type":"WebSite","@id":"https:\/\/www.jozefsedlak.sk\/en\/#website","url":"https:\/\/www.jozefsedlak.sk\/en\/","name":"Jozef Sedl\u00e1k","description":"","potentialAction":[{"@type":"SearchAction","target":{"@type":"EntryPoint","urlTemplate":"https:\/\/www.jozefsedlak.sk\/en\/?s={search_term_string}"},"query-input":{"@type":"PropertyValueSpecification","valueRequired":true,"valueName":"search_term_string"}}],"inLanguage":"en-US"}]}},"_links":{"self":[{"href":"https:\/\/www.jozefsedlak.sk\/en\/wp-json\/wp\/v2\/galeria\/417","targetHints":{"allow":["GET"]}}],"collection":[{"href":"https:\/\/www.jozefsedlak.sk\/en\/wp-json\/wp\/v2\/galeria"}],"about":[{"href":"https:\/\/www.jozefsedlak.sk\/en\/wp-json\/wp\/v2\/types\/galeria"}],"wp:featuredmedia":[{"embeddable":true,"href":"https:\/\/www.jozefsedlak.sk\/en\/wp-json\/wp\/v2\/media\/418"}],"wp:attachment":[{"href":"https:\/\/www.jozefsedlak.sk\/en\/wp-json\/wp\/v2\/media?parent=417"}],"wp:term":[{"taxonomy":"kat","embeddable":true,"href":"https:\/\/www.jozefsedlak.sk\/en\/wp-json\/wp\/v2\/kat?post=417"}],"curies":[{"name":"wp","href":"https:\/\/api.w.org\/{rel}","templated":true}]}}