{"id":429,"date":"2024-07-01T23:31:36","date_gmt":"2024-07-01T21:31:36","guid":{"rendered":"https:\/\/www.jozefsedlak.sk\/?post_type=galeria&#038;p=429"},"modified":"2024-07-15T21:52:51","modified_gmt":"2024-07-15T19:52:51","slug":"o-demokracii-svetla-o-literature-svetla-1989-transitus-svetla-2017","status":"publish","type":"galeria","link":"https:\/\/www.jozefsedlak.sk\/en\/galeria\/o-demokracii-svetla-o-literature-svetla-1989-transitus-svetla-2017\/","title":{"rendered":"O demokracii svetla&#8230;, o literat\u00fare svetla&#8230;, 1989\u00a0\u00a0 Transitus svetla, 2017"},"content":{"rendered":"\n<p><strong>O demokracii svetla&#8230;, o literat\u00fare svetla&#8230;, 1989&nbsp;&nbsp; Transitus svetla, 2017<\/strong><\/p>\n\n\n\n<p>Ruky s\u00fa tradi\u010dne symbolom maxim\u00e1lnej odli\u0161nosti a osobnej sk\u00fasenosti \u010dloveka. Znakovos\u0165 sa podria\u010fuje \u201edemokracii svetla\u201c a \u201eliterat\u00fare svetla\u201c. \u00dasilie o odhalenie esencie konkr\u00e9tnej \u013eudskej existencie dospieva k obrazom, v ktor\u00fdch sa individu\u00e1lne potl\u00e1\u010da a do popredia vystupuje v\u0161eobecn\u00e9. Cyklus ve\u013ekoform\u00e1tov\u00fdch tla\u010d\u00ed s n\u00e1zvom O demokracii svetla&#8230; o literat\u00fare svetla je projekt z konca 80. rokov minul\u00e9ho storo\u010dia, realizovan\u00fd anal\u00f3govou \u010diernobielou fotografiou. Prim\u00e1rne sa dot\u00fdka, v tom \u010dase o\u010dak\u00e1van\u00fdch a rovnako prebiehaj\u00facich politick\u00fdch zmen\u00e1ch vo v\u0161etk\u00fdch okolit\u00fdch \u0161t\u00e1toch strednej Eur\u00f3py, nevin\u00edmaj\u00fac Slovensko. Jednot-liv\u00e9 mot\u00fdvy na \u010diernobielych anal\u00f3gov\u00fdch fotografi\u00e1ch, interpretuj\u00fa vz\u0165ah symboliky svezla a symboliky r\u00fak. Ruky s\u00fa technol\u00f3giou viacn\u00e1sobnej expoz\u00edcie multiplikovan\u00e9<\/p>\n\n\n\n<p>do z\u00e1kladn\u00fdch zvarov \u2013 kruh, \u0161tvorec a trojuholn\u00edk. Proce-som multiplik\u00e1cie s\u00fa znaky r\u00fak klonovan\u00e9 od jedniduch\u00fdch \u0161trukt\u00far k zlo\u017eitej\u0161\u00edm. Z\u00e1kladn\u00e9 tvary sa v niektor\u00fdch kom-poz\u00edci\u00e1ch menia, rozpadaj\u00fa na abstraktn\u00e9 \u0161trukt\u00fary a novot-vary. Komplexne cyklus fotografi\u00ed vytv\u00e1ra v symbolickej rovine metaforick\u00fa mozaiku,&nbsp; ak\u00fasi sveteln\u00fa abecedu znakov, symbolov a pod. Ve\u013ekoplo\u0161n\u00e9 fotografie s\u00fa realizovan\u00e9 digit\u00e1lnou tla\u010dou, ktor\u00e1 oproti origin\u00e1lom \u2013 \u010diernobielym strieborn\u00fdm monochr\u00f3mom symbolizuje technologick\u00fd, rovnako filozofick\u00fd a politick\u00fd posun&nbsp; spolo\u010dnosti a m\u00e9dia fotografie.&nbsp;<\/p>\n\n\n\n<p>Projekt \u201cTransitus svetla\u201d vych\u00e1dza zo star\u0161ieho cyklu fotografi\u00ed s n\u00e1zvom \u201eO demokracii svetla&#8230;, o literat\u00fare svetla\u201d. Nadv\u00e4zuje na star\u0161\u00ed projekt z konca 80. rokov minul\u00e9ho storo\u010dia, realizovan\u00fd anal\u00f3govou \u010diernobielou fotografiou, ktor\u00fd sa prim\u00e1rne dot\u00fdkal v tom \u010dase ne\u010dakan\u00fdch politick\u00fdch zmien, prebiehaj\u00facich vo v\u0161etk\u00fdch okolit\u00fdch \u0161t\u00e1toch strednej Eur\u00f3py, nevin\u00edmaj\u00fac Slovensko. S\u00fa\u010dasn\u00fd koncept mot\u00edvov a kompoz\u00edci\u00ed r\u00fak a svetla, vych\u00e1dza z \u010diernobielych anal\u00f3gov\u00fdch fotografi\u00ed, ktor\u00e9 s\u00fa multiplikovan\u00e9 a manipulovan\u00e9 posproduk\u010dnou digit\u00e1lnou technol\u00f3giou na ve\u013ek\u00e9 form\u00e1ty adjustovan\u00e9 ako vo\u013ene visiace ve\u013ekoform\u00e1tov\u00e9 tla\u010de.&nbsp; Ve\u013ekoplo\u0161n\u00e9 digit\u00e1lne fotografie symbolizuj\u00fa technologick\u00fd,&nbsp; filozofick\u00fd a rovnako politick\u00fd posun spolo\u010dnosti a m\u00e9dia fotografie.<\/p>\n\n\n\n<p>Pojem tranzitus &#8211; kr\u00ed\u017eenie, poch\u00e1dza z latinsk\u00e9ho slova transitus a vz\u0165ahuje sa na \u201e\u010das prechodu smr\u0165ou do \u017eivota.\u201c \u00dastrednou t\u00e9mou cyklu je neust\u00e1la premena. Ruka \u010dloveka &#8211; symbol individuality sa metamorfuje do univerz\u00e1lnej znakovosti vo fotografickom pr\u00edbehu. V prol\u00f3gu uplat\u0148uje fragment \u013eudskej ruky v symbi\u00f3ze s element\u00e1rnymi geometrick\u00fdmi tvarmi \u2013 kruh, \u0161tvorec, trojuholn\u00edk, kde ruka zastupuje \u010dloveka ako jedine\u010dn\u00e9 indiv\u00edduum. Pr\u00edbeh sa rozv\u00edja v h\u013eadan\u00ed dotyku r\u00fak na tmavom pozad\u00ed, z ktor\u00e9ho pr\u00fadi energia svetla. A napokon znaky r\u00fak vy\u00fastia do \u0161trukt\u00far ako extraktu pocitov, navrstven\u00fdch vo vedom\u00ed a podvedom\u00ed.<\/p>\n\n\n\n<p>Symbol individuality sa premie\u0148a na univerz\u00e1lnu znakovos\u0165 r\u00fak, n\u00e1soben\u00fa v bohatom svete \u0161trukt\u00far, v ktorom vo fortissime zaznieva \u00f3da na transitus svetla.&nbsp; Neust\u00e1le h\u013eadanie autora smeruje aj v tomto cykle pod povrch vidite\u013en\u00e9ho so snahou o vlastn\u00fa v\u00fdpove\u010f o svetle, a ak som spr\u00e1vne pochopila tento&nbsp; pr\u00edbeh \u2013 svetlo nie je len symbolom, ale aj z\u00e1kladom osvietenia a katarzie. Tri\u00e1da &#8211; svetlo,&nbsp; tma, ruky v zauj\u00edmav\u00fdch konfigur\u00e1ci\u00e1ch vytv\u00e1raj\u00fa auton\u00f3mny svet obrazu, v ktorom vyznieva premena v r\u00f4znych podob\u00e1ch s bohatou symbolikou a tajomn\u00fdm svetlom, ktor\u00e9 je nosite\u013eom viery a n\u00e1deje.<\/p>\n\n\n\n<p><strong>About democracy of light&#8230;, about literature of light&#8230;, 1989&nbsp;&nbsp; Transitus of light, 2017<\/strong><\/p>\n\n\n\n<p>Traditionally, hands are the symbol of ultimate distinction and personal experience of a human being. The representation succumbs to the democracy of light and literature of light. The effort to reveal the essence of particular human existence matures in images in which the individual is suppressed and the general comes into forefront. &nbsp;The Of democracy of light&#8230; of literature of light II picks up on an older project from the end of 80s of the last century performed with analog black and white photography. Primarily it touches on the then expected political changes taking place at the same time in every surrounding states &nbsp;of Central Europe, including Slovakia. Adjusted as museum artifacts, individual ideas in smaller black and white analog photography are multiplied and applied by the postproduction digital technology on large formats. Compared to the original black and white monochromatic pictures, vivid hue is important for the large format digital photo canvases which symbolize the technological, philosophical and political advancement of society and the medium of photography.<\/p>\n\n\n\n<p>The &#8220;Transitus of Light&#8221; project is based on an older series of photographs titled &#8220;About the light of democracy &#8230;, about literature of light&#8221;. It links to an earlier project of the late 1980s, which was carried out with an analog black and white photograph, which primarily touched upon the unexpected political changes that took place in all the surrounding states of Central Europe, including Slovakia. The current concept of motifs and compositions of hands and light are based on black and white analog photographs that are multiplied and manipulated by post-production digital technology to large formats adjusted as free-hanging large-format prints. Large-format digital photographs symbolize the technological, philosophical and equally political shift within society and the medium of photography. The term \u2018transititus\u2019 &#8211; crossing, comes from the Latin word <em>transitus<\/em> and covers &#8220;the time of passage through death to life&#8221;. The central theme of the cycle is constant change. Hand of man &#8211; the symbol of individuality is metamorphosed into universal character within a photographic story. In the prologue, the human hand fragment is used in symbiosis with elementary geometric shapes &#8211; a circle, a square, a triangle where the hand represents a person as a unique individual. The story unfolds in search of touching of the hands on a dark background from which the energy of light flows. And finally, the features of the hands finish off as structures like an extract of feelings, stacked in consciousness and the subconscious.<\/p>\n\n\n\n<p>The symbol of individuality is transformed into the universal character of the hands, multiplied in the rich world of structures, in which, striking at fortissimo, and ode is heard to the transitus of light. The constant search of the author in this cycle is also directed under the visible surface with the effort to give own testimony about the light, and if I understand this story correctly &#8211; light is not only a symbol but also a source of enlightenment and catharsis. Triad &#8211; light, dark, hands in interesting configurations create an autonomous world of images in which the transformation finishes up in various forms with rich symbolism and the mysterious light that is the bearer of faith and hope.<\/p>\n","protected":false},"featured_media":446,"template":"","meta":{"_acf_changed":true,"site-sidebar-layout":"default","site-content-layout":"","ast-site-content-layout":"default","site-content-style":"default","site-sidebar-style":"default","ast-global-header-display":"","ast-banner-title-visibility":"","ast-main-header-display":"","ast-hfb-above-header-display":"","ast-hfb-below-header-display":"","ast-hfb-mobile-header-display":"","site-post-title":"","ast-breadcrumbs-content":"","ast-featured-img":"","footer-sml-layout":"","ast-disable-related-posts":"","theme-transparent-header-meta":"","adv-header-id-meta":"","stick-header-meta":"","header-above-stick-meta":"","header-main-stick-meta":"","header-below-stick-meta":"","astra-migrate-meta-layouts":"default","ast-page-background-enabled":"default","ast-page-background-meta":{"desktop":{"background-color":"var(--ast-global-color-4)","background-image":"","background-repeat":"repeat","background-position":"center center","background-size":"auto","background-attachment":"scroll","background-type":"","background-media":"","overlay-type":"","overlay-color":"","overlay-opacity":"","overlay-gradient":""},"tablet":{"background-color":"","background-image":"","background-repeat":"repeat","background-position":"center center","background-size":"auto","background-attachment":"scroll","background-type":"","background-media":"","overlay-type":"","overlay-color":"","overlay-opacity":"","overlay-gradient":""},"mobile":{"background-color":"","background-image":"","background-repeat":"repeat","background-position":"center center","background-size":"auto","background-attachment":"scroll","background-type":"","background-media":"","overlay-type":"","overlay-color":"","overlay-opacity":"","overlay-gradient":""}},"ast-content-background-meta":{"desktop":{"background-color":"var(--ast-global-color-5)","background-image":"","background-repeat":"repeat","background-position":"center center","background-size":"auto","background-attachment":"scroll","background-type":"","background-media":"","overlay-type":"","overlay-color":"","overlay-opacity":"","overlay-gradient":""},"tablet":{"background-color":"var(--ast-global-color-5)","background-image":"","background-repeat":"repeat","background-position":"center center","background-size":"auto","background-attachment":"scroll","background-type":"","background-media":"","overlay-type":"","overlay-color":"","overlay-opacity":"","overlay-gradient":""},"mobile":{"background-color":"var(--ast-global-color-5)","background-image":"","background-repeat":"repeat","background-position":"center center","background-size":"auto","background-attachment":"scroll","background-type":"","background-media":"","overlay-type":"","overlay-color":"","overlay-opacity":"","overlay-gradient":""}}},"kat":[10],"class_list":["post-429","galeria","type-galeria","status-publish","has-post-thumbnail","hentry","kat-projekty-1980-2024"],"acf":[],"yoast_head":"<!-- This site is optimized with the Yoast SEO plugin v27.4 - https:\/\/yoast.com\/product\/yoast-seo-wordpress\/ -->\n<title>O demokracii svetla..., o literat\u00fare svetla..., 1989\u00a0\u00a0 Transitus svetla, 2017 - Jozef Sedl\u00e1k<\/title>\n<meta name=\"robots\" content=\"index, follow, max-snippet:-1, max-image-preview:large, max-video-preview:-1\" \/>\n<link rel=\"canonical\" href=\"https:\/\/www.jozefsedlak.sk\/en\/galeria\/o-demokracii-svetla-o-literature-svetla-1989-transitus-svetla-2017\/\" \/>\n<meta property=\"og:locale\" content=\"en_US\" \/>\n<meta property=\"og:type\" content=\"article\" \/>\n<meta property=\"og:title\" content=\"O demokracii svetla..., o literat\u00fare svetla..., 1989\u00a0\u00a0 Transitus svetla, 2017 - Jozef Sedl\u00e1k\" \/>\n<meta property=\"og:description\" content=\"O demokracii svetla&#8230;, o literat\u00fare svetla&#8230;, 1989&nbsp;&nbsp; Transitus svetla, 2017 Ruky s\u00fa tradi\u010dne symbolom maxim\u00e1lnej odli\u0161nosti a osobnej sk\u00fasenosti \u010dloveka. [&hellip;]\" \/>\n<meta property=\"og:url\" content=\"https:\/\/www.jozefsedlak.sk\/en\/galeria\/o-demokracii-svetla-o-literature-svetla-1989-transitus-svetla-2017\/\" \/>\n<meta property=\"og:site_name\" content=\"Jozef Sedl\u00e1k\" \/>\n<meta property=\"article:modified_time\" content=\"2024-07-15T19:52:51+00:00\" \/>\n<meta property=\"og:image\" content=\"https:\/\/www.jozefsedlak.sk\/wp-content\/uploads\/2024\/07\/svetlo_2.jpg\" \/>\n\t<meta property=\"og:image:width\" content=\"1665\" \/>\n\t<meta property=\"og:image:height\" content=\"1400\" \/>\n\t<meta property=\"og:image:type\" content=\"image\/jpeg\" \/>\n<meta name=\"twitter:card\" content=\"summary_large_image\" \/>\n<meta name=\"twitter:label1\" content=\"Est. reading time\" \/>\n\t<meta name=\"twitter:data1\" content=\"6 minutes\" \/>\n<script type=\"application\/ld+json\" class=\"yoast-schema-graph\">{\"@context\":\"https:\\\/\\\/schema.org\",\"@graph\":[{\"@type\":\"WebPage\",\"@id\":\"https:\\\/\\\/www.jozefsedlak.sk\\\/en\\\/galeria\\\/o-demokracii-svetla-o-literature-svetla-1989-transitus-svetla-2017\\\/\",\"url\":\"https:\\\/\\\/www.jozefsedlak.sk\\\/en\\\/galeria\\\/o-demokracii-svetla-o-literature-svetla-1989-transitus-svetla-2017\\\/\",\"name\":\"O demokracii svetla..., o literat\u00fare svetla..., 1989\u00a0\u00a0 Transitus svetla, 2017 - Jozef Sedl\u00e1k\",\"isPartOf\":{\"@id\":\"https:\\\/\\\/www.jozefsedlak.sk\\\/en\\\/#website\"},\"primaryImageOfPage\":{\"@id\":\"https:\\\/\\\/www.jozefsedlak.sk\\\/en\\\/galeria\\\/o-demokracii-svetla-o-literature-svetla-1989-transitus-svetla-2017\\\/#primaryimage\"},\"image\":{\"@id\":\"https:\\\/\\\/www.jozefsedlak.sk\\\/en\\\/galeria\\\/o-demokracii-svetla-o-literature-svetla-1989-transitus-svetla-2017\\\/#primaryimage\"},\"thumbnailUrl\":\"https:\\\/\\\/www.jozefsedlak.sk\\\/wp-content\\\/uploads\\\/2024\\\/07\\\/svetlo_2.jpg\",\"datePublished\":\"2024-07-01T21:31:36+00:00\",\"dateModified\":\"2024-07-15T19:52:51+00:00\",\"breadcrumb\":{\"@id\":\"https:\\\/\\\/www.jozefsedlak.sk\\\/en\\\/galeria\\\/o-demokracii-svetla-o-literature-svetla-1989-transitus-svetla-2017\\\/#breadcrumb\"},\"inLanguage\":\"en-US\",\"potentialAction\":[{\"@type\":\"ReadAction\",\"target\":[\"https:\\\/\\\/www.jozefsedlak.sk\\\/en\\\/galeria\\\/o-demokracii-svetla-o-literature-svetla-1989-transitus-svetla-2017\\\/\"]}]},{\"@type\":\"ImageObject\",\"inLanguage\":\"en-US\",\"@id\":\"https:\\\/\\\/www.jozefsedlak.sk\\\/en\\\/galeria\\\/o-demokracii-svetla-o-literature-svetla-1989-transitus-svetla-2017\\\/#primaryimage\",\"url\":\"https:\\\/\\\/www.jozefsedlak.sk\\\/wp-content\\\/uploads\\\/2024\\\/07\\\/svetlo_2.jpg\",\"contentUrl\":\"https:\\\/\\\/www.jozefsedlak.sk\\\/wp-content\\\/uploads\\\/2024\\\/07\\\/svetlo_2.jpg\",\"width\":1665,\"height\":1400},{\"@type\":\"BreadcrumbList\",\"@id\":\"https:\\\/\\\/www.jozefsedlak.sk\\\/en\\\/galeria\\\/o-demokracii-svetla-o-literature-svetla-1989-transitus-svetla-2017\\\/#breadcrumb\",\"itemListElement\":[{\"@type\":\"ListItem\",\"position\":1,\"name\":\"Domovsk\u00e1 str\u00e1nka\",\"item\":\"https:\\\/\\\/www.jozefsedlak.sk\\\/en\\\/\"},{\"@type\":\"ListItem\",\"position\":2,\"name\":\"O demokracii svetla&#8230;, o literat\u00fare svetla&#8230;, 1989\u00a0\u00a0 Transitus svetla, 2017\"}]},{\"@type\":\"WebSite\",\"@id\":\"https:\\\/\\\/www.jozefsedlak.sk\\\/en\\\/#website\",\"url\":\"https:\\\/\\\/www.jozefsedlak.sk\\\/en\\\/\",\"name\":\"Jozef Sedl\u00e1k\",\"description\":\"\",\"potentialAction\":[{\"@type\":\"SearchAction\",\"target\":{\"@type\":\"EntryPoint\",\"urlTemplate\":\"https:\\\/\\\/www.jozefsedlak.sk\\\/en\\\/?s={search_term_string}\"},\"query-input\":{\"@type\":\"PropertyValueSpecification\",\"valueRequired\":true,\"valueName\":\"search_term_string\"}}],\"inLanguage\":\"en-US\"}]}<\/script>\n<!-- \/ Yoast SEO plugin. -->","yoast_head_json":{"title":"O demokracii svetla..., o literat\u00fare svetla..., 1989\u00a0\u00a0 Transitus svetla, 2017 - Jozef Sedl\u00e1k","robots":{"index":"index","follow":"follow","max-snippet":"max-snippet:-1","max-image-preview":"max-image-preview:large","max-video-preview":"max-video-preview:-1"},"canonical":"https:\/\/www.jozefsedlak.sk\/en\/galeria\/o-demokracii-svetla-o-literature-svetla-1989-transitus-svetla-2017\/","og_locale":"en_US","og_type":"article","og_title":"O demokracii svetla..., o literat\u00fare svetla..., 1989\u00a0\u00a0 Transitus svetla, 2017 - Jozef Sedl\u00e1k","og_description":"O demokracii svetla&#8230;, o literat\u00fare svetla&#8230;, 1989&nbsp;&nbsp; Transitus svetla, 2017 Ruky s\u00fa tradi\u010dne symbolom maxim\u00e1lnej odli\u0161nosti a osobnej sk\u00fasenosti \u010dloveka. [&hellip;]","og_url":"https:\/\/www.jozefsedlak.sk\/en\/galeria\/o-demokracii-svetla-o-literature-svetla-1989-transitus-svetla-2017\/","og_site_name":"Jozef Sedl\u00e1k","article_modified_time":"2024-07-15T19:52:51+00:00","og_image":[{"width":1665,"height":1400,"url":"https:\/\/www.jozefsedlak.sk\/wp-content\/uploads\/2024\/07\/svetlo_2.jpg","type":"image\/jpeg"}],"twitter_card":"summary_large_image","twitter_misc":{"Est. reading time":"6 minutes"},"schema":{"@context":"https:\/\/schema.org","@graph":[{"@type":"WebPage","@id":"https:\/\/www.jozefsedlak.sk\/en\/galeria\/o-demokracii-svetla-o-literature-svetla-1989-transitus-svetla-2017\/","url":"https:\/\/www.jozefsedlak.sk\/en\/galeria\/o-demokracii-svetla-o-literature-svetla-1989-transitus-svetla-2017\/","name":"O demokracii svetla..., o literat\u00fare svetla..., 1989\u00a0\u00a0 Transitus svetla, 2017 - Jozef Sedl\u00e1k","isPartOf":{"@id":"https:\/\/www.jozefsedlak.sk\/en\/#website"},"primaryImageOfPage":{"@id":"https:\/\/www.jozefsedlak.sk\/en\/galeria\/o-demokracii-svetla-o-literature-svetla-1989-transitus-svetla-2017\/#primaryimage"},"image":{"@id":"https:\/\/www.jozefsedlak.sk\/en\/galeria\/o-demokracii-svetla-o-literature-svetla-1989-transitus-svetla-2017\/#primaryimage"},"thumbnailUrl":"https:\/\/www.jozefsedlak.sk\/wp-content\/uploads\/2024\/07\/svetlo_2.jpg","datePublished":"2024-07-01T21:31:36+00:00","dateModified":"2024-07-15T19:52:51+00:00","breadcrumb":{"@id":"https:\/\/www.jozefsedlak.sk\/en\/galeria\/o-demokracii-svetla-o-literature-svetla-1989-transitus-svetla-2017\/#breadcrumb"},"inLanguage":"en-US","potentialAction":[{"@type":"ReadAction","target":["https:\/\/www.jozefsedlak.sk\/en\/galeria\/o-demokracii-svetla-o-literature-svetla-1989-transitus-svetla-2017\/"]}]},{"@type":"ImageObject","inLanguage":"en-US","@id":"https:\/\/www.jozefsedlak.sk\/en\/galeria\/o-demokracii-svetla-o-literature-svetla-1989-transitus-svetla-2017\/#primaryimage","url":"https:\/\/www.jozefsedlak.sk\/wp-content\/uploads\/2024\/07\/svetlo_2.jpg","contentUrl":"https:\/\/www.jozefsedlak.sk\/wp-content\/uploads\/2024\/07\/svetlo_2.jpg","width":1665,"height":1400},{"@type":"BreadcrumbList","@id":"https:\/\/www.jozefsedlak.sk\/en\/galeria\/o-demokracii-svetla-o-literature-svetla-1989-transitus-svetla-2017\/#breadcrumb","itemListElement":[{"@type":"ListItem","position":1,"name":"Domovsk\u00e1 str\u00e1nka","item":"https:\/\/www.jozefsedlak.sk\/en\/"},{"@type":"ListItem","position":2,"name":"O demokracii svetla&#8230;, o literat\u00fare svetla&#8230;, 1989\u00a0\u00a0 Transitus svetla, 2017"}]},{"@type":"WebSite","@id":"https:\/\/www.jozefsedlak.sk\/en\/#website","url":"https:\/\/www.jozefsedlak.sk\/en\/","name":"Jozef Sedl\u00e1k","description":"","potentialAction":[{"@type":"SearchAction","target":{"@type":"EntryPoint","urlTemplate":"https:\/\/www.jozefsedlak.sk\/en\/?s={search_term_string}"},"query-input":{"@type":"PropertyValueSpecification","valueRequired":true,"valueName":"search_term_string"}}],"inLanguage":"en-US"}]}},"_links":{"self":[{"href":"https:\/\/www.jozefsedlak.sk\/en\/wp-json\/wp\/v2\/galeria\/429","targetHints":{"allow":["GET"]}}],"collection":[{"href":"https:\/\/www.jozefsedlak.sk\/en\/wp-json\/wp\/v2\/galeria"}],"about":[{"href":"https:\/\/www.jozefsedlak.sk\/en\/wp-json\/wp\/v2\/types\/galeria"}],"wp:featuredmedia":[{"embeddable":true,"href":"https:\/\/www.jozefsedlak.sk\/en\/wp-json\/wp\/v2\/media\/446"}],"wp:attachment":[{"href":"https:\/\/www.jozefsedlak.sk\/en\/wp-json\/wp\/v2\/media?parent=429"}],"wp:term":[{"taxonomy":"kat","embeddable":true,"href":"https:\/\/www.jozefsedlak.sk\/en\/wp-json\/wp\/v2\/kat?post=429"}],"curies":[{"name":"wp","href":"https:\/\/api.w.org\/{rel}","templated":true}]}}