{"id":529,"date":"2024-07-01T23:50:06","date_gmt":"2024-07-01T21:50:06","guid":{"rendered":"https:\/\/www.jozefsedlak.sk\/?post_type=galeria&#038;p=529"},"modified":"2024-07-15T21:51:53","modified_gmt":"2024-07-15T19:51:53","slug":"vedlajsi-produkt-2013-2024","status":"publish","type":"galeria","link":"https:\/\/www.jozefsedlak.sk\/en\/galeria\/vedlajsi-produkt-2013-2024\/","title":{"rendered":"Ved\u013eaj\u0161\u00ed produkt 2013 \u2013 2024"},"content":{"rendered":"\n<p><strong>Ved\u013eaj\u0161\u00ed produkt 2013 \u2013 2024<\/strong><\/p>\n\n\n\n<p>Poeticko-subjekt\u00edvny dokument vznikol ako \u201eved\u013eaj\u0161\u00ed produkt\u201c renomovan\u00fdch fotografick\u00fdch dieln\u00ed, v ktor\u00fdch som bol lektorom. Obrazov\u00fd depozit tak reprezentuje \u010dasov\u00e9 obdobie od roku 2010 \u2013 2024. Vizu\u00e1lna esej zachyt\u00e1va verejn\u00fd priestor ako priestor mozaiky \u017eivota, vytv\u00e1raj\u00faci potenci\u00e1l na interpret\u00e1ciu hlb\u0161ej hybridiz\u00e1cie a fluidnosti obrazu so sociol\u00f3giou, filozofiou, kulturol\u00f3giou, \u010di s\u00fa\u010dasnou postmodernou estetikou. Autor vo svojej transpoz\u00edcii uva\u017eovania vytv\u00e1ra protip\u00f3l ku komer\u010dn\u00e9mu vn\u00edmaniu urb\u00e1nneho prostredia. Z\u00e1rove\u0148 m\u00e1 potenci\u00e1l nekomer\u010dn\u00e9ho\u2013paraleln\u00e9ho arch\u00edvu Slovenska, v ktorom sa identifikuje verejn\u00fd priestor cez metaforu, symboliku. Projekt v\u00fdstavy predstavuje r\u00f4zne udalosti, p\u00f4vodne, viano\u010dn\u00e9 obdobie, be\u017en\u00fd \u017eivot, premeny Slovenska, sekund\u00e1rne koncep\u010dne v\u00fdraznej\u0161ie vyhranen\u00e9 t\u00e9my r\u00f3mskych os\u00e1d a&nbsp;nefigurat\u00edvnych n\u00e1hodne zaznamenan\u00fdch z\u00e1ti\u0161\u00ed z&nbsp;r\u00f4znych \u010dast\u00ed Slovenska. Aktu\u00e1lny v\u00fdber subjekt\u00edvneho dokumentu si prisvojuje individu\u00e1lnu kon\u0161trukciu vizu\u00e1lneho jazyka, poetiku ir\u00f3nie, ktor\u00e1 sa nevyh\u00fdba melanch\u00f3lii, bizarnosti, groteske a sebakritick\u00e9mu poh\u013eadu.<\/p>\n\n\n\n<p><strong>Lateral product 2013-2024<\/strong><\/p>\n\n\n\n<p>The poetic-subjective document was created as a &#8220;by-product&#8221; of renowned photography workshops where I was a lecturer. The image deposit thus represents the time period from 2010 \u2013 2024. The visual essay captures the public space as a mosaic of life, creating the potential for the interpretation of a deeper hybridization and fluidity of the image with sociology, philosophy, culturology, or contemporary postmodern aesthetics. In his transposition of reasoning, the author creates a counterpoint to the commercial perception of the urban environment. At the same time, it has the potential of a non-commercial parallel archive of Slovakia, in which public space is identified through metaphor and symbolism. The exhibition project presents various events, originally, the Christmas season, ordinary life, transformations of Slovakia, secondarily more conceptually distinct themes of Roma settlements and non-figurative randomly recorded still lifes from various parts of Slovakia. The current selection of the subjective document appropriates an individual construction of visual language, a poetics of irony that does not avoid melancholy, bizarreness, grotesqueness, and a self-critical view.<\/p>\n","protected":false},"featured_media":575,"template":"","meta":{"_acf_changed":true,"site-sidebar-layout":"default","site-content-layout":"","ast-site-content-layout":"default","site-content-style":"default","site-sidebar-style":"default","ast-global-header-display":"","ast-banner-title-visibility":"","ast-main-header-display":"","ast-hfb-above-header-display":"","ast-hfb-below-header-display":"","ast-hfb-mobile-header-display":"","site-post-title":"","ast-breadcrumbs-content":"","ast-featured-img":"","footer-sml-layout":"","ast-disable-related-posts":"","theme-transparent-header-meta":"","adv-header-id-meta":"","stick-header-meta":"","header-above-stick-meta":"","header-main-stick-meta":"","header-below-stick-meta":"","astra-migrate-meta-layouts":"default","ast-page-background-enabled":"default","ast-page-background-meta":{"desktop":{"background-color":"var(--ast-global-color-4)","background-image":"","background-repeat":"repeat","background-position":"center center","background-size":"auto","background-attachment":"scroll","background-type":"","background-media":"","overlay-type":"","overlay-color":"","overlay-opacity":"","overlay-gradient":""},"tablet":{"background-color":"","background-image":"","background-repeat":"repeat","background-position":"center center","background-size":"auto","background-attachment":"scroll","background-type":"","background-media":"","overlay-type":"","overlay-color":"","overlay-opacity":"","overlay-gradient":""},"mobile":{"background-color":"","background-image":"","background-repeat":"repeat","background-position":"center center","background-size":"auto","background-attachment":"scroll","background-type":"","background-media":"","overlay-type":"","overlay-color":"","overlay-opacity":"","overlay-gradient":""}},"ast-content-background-meta":{"desktop":{"background-color":"var(--ast-global-color-5)","background-image":"","background-repeat":"repeat","background-position":"center center","background-size":"auto","background-attachment":"scroll","background-type":"","background-media":"","overlay-type":"","overlay-color":"","overlay-opacity":"","overlay-gradient":""},"tablet":{"background-color":"var(--ast-global-color-5)","background-image":"","background-repeat":"repeat","background-position":"center center","background-size":"auto","background-attachment":"scroll","background-type":"","background-media":"","overlay-type":"","overlay-color":"","overlay-opacity":"","overlay-gradient":""},"mobile":{"background-color":"var(--ast-global-color-5)","background-image":"","background-repeat":"repeat","background-position":"center center","background-size":"auto","background-attachment":"scroll","background-type":"","background-media":"","overlay-type":"","overlay-color":"","overlay-opacity":"","overlay-gradient":""}}},"kat":[10],"class_list":["post-529","galeria","type-galeria","status-publish","has-post-thumbnail","hentry","kat-projekty-1980-2024"],"acf":[],"yoast_head":"<!-- This site is optimized with the Yoast SEO plugin v27.4 - https:\/\/yoast.com\/product\/yoast-seo-wordpress\/ -->\n<title>Ved\u013eaj\u0161\u00ed produkt 2013 \u2013 2024 - Jozef Sedl\u00e1k<\/title>\n<meta name=\"robots\" content=\"index, follow, max-snippet:-1, max-image-preview:large, max-video-preview:-1\" \/>\n<link rel=\"canonical\" href=\"https:\/\/www.jozefsedlak.sk\/en\/galeria\/vedlajsi-produkt-2013-2024\/\" \/>\n<meta property=\"og:locale\" content=\"en_US\" \/>\n<meta property=\"og:type\" content=\"article\" \/>\n<meta property=\"og:title\" content=\"Ved\u013eaj\u0161\u00ed produkt 2013 \u2013 2024 - Jozef Sedl\u00e1k\" \/>\n<meta property=\"og:description\" content=\"Ved\u013eaj\u0161\u00ed produkt 2013 \u2013 2024 Poeticko-subjekt\u00edvny dokument vznikol ako \u201eved\u013eaj\u0161\u00ed produkt\u201c renomovan\u00fdch fotografick\u00fdch dieln\u00ed, v ktor\u00fdch som bol lektorom. Obrazov\u00fd [&hellip;]\" \/>\n<meta property=\"og:url\" content=\"https:\/\/www.jozefsedlak.sk\/en\/galeria\/vedlajsi-produkt-2013-2024\/\" \/>\n<meta property=\"og:site_name\" content=\"Jozef Sedl\u00e1k\" \/>\n<meta property=\"article:modified_time\" content=\"2024-07-15T19:51:53+00:00\" \/>\n<meta property=\"og:image\" content=\"https:\/\/www.jozefsedlak.sk\/wp-content\/uploads\/2024\/07\/Mesto_1.jpg\" \/>\n\t<meta property=\"og:image:width\" content=\"1700\" \/>\n\t<meta property=\"og:image:height\" content=\"1135\" \/>\n\t<meta property=\"og:image:type\" content=\"image\/jpeg\" \/>\n<meta name=\"twitter:card\" content=\"summary_large_image\" \/>\n<meta name=\"twitter:label1\" content=\"Est. reading time\" \/>\n\t<meta name=\"twitter:data1\" content=\"2 minutes\" \/>\n<script type=\"application\/ld+json\" class=\"yoast-schema-graph\">{\"@context\":\"https:\\\/\\\/schema.org\",\"@graph\":[{\"@type\":\"WebPage\",\"@id\":\"https:\\\/\\\/www.jozefsedlak.sk\\\/en\\\/galeria\\\/vedlajsi-produkt-2013-2024\\\/\",\"url\":\"https:\\\/\\\/www.jozefsedlak.sk\\\/en\\\/galeria\\\/vedlajsi-produkt-2013-2024\\\/\",\"name\":\"Ved\u013eaj\u0161\u00ed produkt 2013 \u2013 2024 - Jozef Sedl\u00e1k\",\"isPartOf\":{\"@id\":\"https:\\\/\\\/www.jozefsedlak.sk\\\/en\\\/#website\"},\"primaryImageOfPage\":{\"@id\":\"https:\\\/\\\/www.jozefsedlak.sk\\\/en\\\/galeria\\\/vedlajsi-produkt-2013-2024\\\/#primaryimage\"},\"image\":{\"@id\":\"https:\\\/\\\/www.jozefsedlak.sk\\\/en\\\/galeria\\\/vedlajsi-produkt-2013-2024\\\/#primaryimage\"},\"thumbnailUrl\":\"https:\\\/\\\/www.jozefsedlak.sk\\\/wp-content\\\/uploads\\\/2024\\\/07\\\/Mesto_1.jpg\",\"datePublished\":\"2024-07-01T21:50:06+00:00\",\"dateModified\":\"2024-07-15T19:51:53+00:00\",\"breadcrumb\":{\"@id\":\"https:\\\/\\\/www.jozefsedlak.sk\\\/en\\\/galeria\\\/vedlajsi-produkt-2013-2024\\\/#breadcrumb\"},\"inLanguage\":\"en-US\",\"potentialAction\":[{\"@type\":\"ReadAction\",\"target\":[\"https:\\\/\\\/www.jozefsedlak.sk\\\/en\\\/galeria\\\/vedlajsi-produkt-2013-2024\\\/\"]}]},{\"@type\":\"ImageObject\",\"inLanguage\":\"en-US\",\"@id\":\"https:\\\/\\\/www.jozefsedlak.sk\\\/en\\\/galeria\\\/vedlajsi-produkt-2013-2024\\\/#primaryimage\",\"url\":\"https:\\\/\\\/www.jozefsedlak.sk\\\/wp-content\\\/uploads\\\/2024\\\/07\\\/Mesto_1.jpg\",\"contentUrl\":\"https:\\\/\\\/www.jozefsedlak.sk\\\/wp-content\\\/uploads\\\/2024\\\/07\\\/Mesto_1.jpg\",\"width\":1700,\"height\":1135},{\"@type\":\"BreadcrumbList\",\"@id\":\"https:\\\/\\\/www.jozefsedlak.sk\\\/en\\\/galeria\\\/vedlajsi-produkt-2013-2024\\\/#breadcrumb\",\"itemListElement\":[{\"@type\":\"ListItem\",\"position\":1,\"name\":\"Domovsk\u00e1 str\u00e1nka\",\"item\":\"https:\\\/\\\/www.jozefsedlak.sk\\\/en\\\/\"},{\"@type\":\"ListItem\",\"position\":2,\"name\":\"Ved\u013eaj\u0161\u00ed produkt 2013 \u2013 2024\"}]},{\"@type\":\"WebSite\",\"@id\":\"https:\\\/\\\/www.jozefsedlak.sk\\\/en\\\/#website\",\"url\":\"https:\\\/\\\/www.jozefsedlak.sk\\\/en\\\/\",\"name\":\"Jozef Sedl\u00e1k\",\"description\":\"\",\"potentialAction\":[{\"@type\":\"SearchAction\",\"target\":{\"@type\":\"EntryPoint\",\"urlTemplate\":\"https:\\\/\\\/www.jozefsedlak.sk\\\/en\\\/?s={search_term_string}\"},\"query-input\":{\"@type\":\"PropertyValueSpecification\",\"valueRequired\":true,\"valueName\":\"search_term_string\"}}],\"inLanguage\":\"en-US\"}]}<\/script>\n<!-- \/ Yoast SEO plugin. -->","yoast_head_json":{"title":"Ved\u013eaj\u0161\u00ed produkt 2013 \u2013 2024 - Jozef Sedl\u00e1k","robots":{"index":"index","follow":"follow","max-snippet":"max-snippet:-1","max-image-preview":"max-image-preview:large","max-video-preview":"max-video-preview:-1"},"canonical":"https:\/\/www.jozefsedlak.sk\/en\/galeria\/vedlajsi-produkt-2013-2024\/","og_locale":"en_US","og_type":"article","og_title":"Ved\u013eaj\u0161\u00ed produkt 2013 \u2013 2024 - Jozef Sedl\u00e1k","og_description":"Ved\u013eaj\u0161\u00ed produkt 2013 \u2013 2024 Poeticko-subjekt\u00edvny dokument vznikol ako \u201eved\u013eaj\u0161\u00ed produkt\u201c renomovan\u00fdch fotografick\u00fdch dieln\u00ed, v ktor\u00fdch som bol lektorom. Obrazov\u00fd [&hellip;]","og_url":"https:\/\/www.jozefsedlak.sk\/en\/galeria\/vedlajsi-produkt-2013-2024\/","og_site_name":"Jozef Sedl\u00e1k","article_modified_time":"2024-07-15T19:51:53+00:00","og_image":[{"width":1700,"height":1135,"url":"https:\/\/www.jozefsedlak.sk\/wp-content\/uploads\/2024\/07\/Mesto_1.jpg","type":"image\/jpeg"}],"twitter_card":"summary_large_image","twitter_misc":{"Est. reading time":"2 minutes"},"schema":{"@context":"https:\/\/schema.org","@graph":[{"@type":"WebPage","@id":"https:\/\/www.jozefsedlak.sk\/en\/galeria\/vedlajsi-produkt-2013-2024\/","url":"https:\/\/www.jozefsedlak.sk\/en\/galeria\/vedlajsi-produkt-2013-2024\/","name":"Ved\u013eaj\u0161\u00ed produkt 2013 \u2013 2024 - Jozef Sedl\u00e1k","isPartOf":{"@id":"https:\/\/www.jozefsedlak.sk\/en\/#website"},"primaryImageOfPage":{"@id":"https:\/\/www.jozefsedlak.sk\/en\/galeria\/vedlajsi-produkt-2013-2024\/#primaryimage"},"image":{"@id":"https:\/\/www.jozefsedlak.sk\/en\/galeria\/vedlajsi-produkt-2013-2024\/#primaryimage"},"thumbnailUrl":"https:\/\/www.jozefsedlak.sk\/wp-content\/uploads\/2024\/07\/Mesto_1.jpg","datePublished":"2024-07-01T21:50:06+00:00","dateModified":"2024-07-15T19:51:53+00:00","breadcrumb":{"@id":"https:\/\/www.jozefsedlak.sk\/en\/galeria\/vedlajsi-produkt-2013-2024\/#breadcrumb"},"inLanguage":"en-US","potentialAction":[{"@type":"ReadAction","target":["https:\/\/www.jozefsedlak.sk\/en\/galeria\/vedlajsi-produkt-2013-2024\/"]}]},{"@type":"ImageObject","inLanguage":"en-US","@id":"https:\/\/www.jozefsedlak.sk\/en\/galeria\/vedlajsi-produkt-2013-2024\/#primaryimage","url":"https:\/\/www.jozefsedlak.sk\/wp-content\/uploads\/2024\/07\/Mesto_1.jpg","contentUrl":"https:\/\/www.jozefsedlak.sk\/wp-content\/uploads\/2024\/07\/Mesto_1.jpg","width":1700,"height":1135},{"@type":"BreadcrumbList","@id":"https:\/\/www.jozefsedlak.sk\/en\/galeria\/vedlajsi-produkt-2013-2024\/#breadcrumb","itemListElement":[{"@type":"ListItem","position":1,"name":"Domovsk\u00e1 str\u00e1nka","item":"https:\/\/www.jozefsedlak.sk\/en\/"},{"@type":"ListItem","position":2,"name":"Ved\u013eaj\u0161\u00ed produkt 2013 \u2013 2024"}]},{"@type":"WebSite","@id":"https:\/\/www.jozefsedlak.sk\/en\/#website","url":"https:\/\/www.jozefsedlak.sk\/en\/","name":"Jozef Sedl\u00e1k","description":"","potentialAction":[{"@type":"SearchAction","target":{"@type":"EntryPoint","urlTemplate":"https:\/\/www.jozefsedlak.sk\/en\/?s={search_term_string}"},"query-input":{"@type":"PropertyValueSpecification","valueRequired":true,"valueName":"search_term_string"}}],"inLanguage":"en-US"}]}},"_links":{"self":[{"href":"https:\/\/www.jozefsedlak.sk\/en\/wp-json\/wp\/v2\/galeria\/529","targetHints":{"allow":["GET"]}}],"collection":[{"href":"https:\/\/www.jozefsedlak.sk\/en\/wp-json\/wp\/v2\/galeria"}],"about":[{"href":"https:\/\/www.jozefsedlak.sk\/en\/wp-json\/wp\/v2\/types\/galeria"}],"wp:featuredmedia":[{"embeddable":true,"href":"https:\/\/www.jozefsedlak.sk\/en\/wp-json\/wp\/v2\/media\/575"}],"wp:attachment":[{"href":"https:\/\/www.jozefsedlak.sk\/en\/wp-json\/wp\/v2\/media?parent=529"}],"wp:term":[{"taxonomy":"kat","embeddable":true,"href":"https:\/\/www.jozefsedlak.sk\/en\/wp-json\/wp\/v2\/kat?post=529"}],"curies":[{"name":"wp","href":"https:\/\/api.w.org\/{rel}","templated":true}]}}