{"id":1081,"date":"2024-07-01T22:03:23","date_gmt":"2024-07-01T20:03:23","guid":{"rendered":"https:\/\/www.jozefsedlak.sk\/cv\/"},"modified":"2024-07-15T12:34:09","modified_gmt":"2024-07-15T10:34:09","slug":"cv","status":"publish","type":"page","link":"https:\/\/www.jozefsedlak.sk\/en\/cv\/","title":{"rendered":"CV"},"content":{"rendered":"\t\t<div data-elementor-type=\"wp-page\" data-elementor-id=\"1081\" class=\"elementor elementor-1081 elementor-125\" data-elementor-post-type=\"page\">\n\t\t\t\t\t\t<section class=\"elementor-section elementor-top-section elementor-element elementor-element-5e112a63 elementor-section-boxed elementor-section-height-default elementor-section-height-default\" data-id=\"5e112a63\" data-element_type=\"section\" data-e-type=\"section\" data-settings=\"{&quot;shape_divider_bottom&quot;:&quot;waves&quot;,&quot;background_background&quot;:&quot;classic&quot;}\">\n\t\t\t\t\t\t\t<div class=\"elementor-background-overlay\"><\/div>\n\t\t\t\t\t\t<div class=\"elementor-shape elementor-shape-bottom\" aria-hidden=\"true\" data-negative=\"false\">\n\t\t\t<svg xmlns=\"http:\/\/www.w3.org\/2000\/svg\" viewBox=\"0 0 1000 100\" preserveAspectRatio=\"none\">\n\t<path class=\"elementor-shape-fill\" d=\"M421.9,6.5c22.6-2.5,51.5,0.4,75.5,5.3c23.6,4.9,70.9,23.5,100.5,35.7c75.8,32.2,133.7,44.5,192.6,49.7\n\tc23.6,2.1,48.7,3.5,103.4-2.5c54.7-6,106.2-25.6,106.2-25.6V0H0v30.3c0,0,72,32.6,158.4,30.5c39.2-0.7,92.8-6.7,134-22.4\n\tc21.2-8.1,52.2-18.2,79.7-24.2C399.3,7.9,411.6,7.5,421.9,6.5z\"\/>\n<\/svg>\t\t<\/div>\n\t\t\t\t\t<div class=\"elementor-container elementor-column-gap-default\">\n\t\t\t\t\t<div class=\"elementor-column elementor-col-100 elementor-top-column elementor-element elementor-element-79c341f2\" data-id=\"79c341f2\" data-element_type=\"column\" data-e-type=\"column\">\n\t\t\t<div class=\"elementor-widget-wrap elementor-element-populated\">\n\t\t\t\t\t\t<div class=\"elementor-element elementor-element-7cc43e24 elementor-widget__width-initial elementor-widget elementor-widget-heading\" data-id=\"7cc43e24\" data-element_type=\"widget\" data-e-type=\"widget\" data-widget_type=\"heading.default\">\n\t\t\t\t<div class=\"elementor-widget-container\">\n\t\t\t\t\t<h1 class=\"elementor-heading-title elementor-size-default\">CV<\/h1>\t\t\t\t<\/div>\n\t\t\t\t<\/div>\n\t\t\t\t\t<\/div>\n\t\t<\/div>\n\t\t\t\t\t<\/div>\n\t\t<\/section>\n\t\t\t\t<section class=\"elementor-section elementor-top-section elementor-element elementor-element-438b1287 elementor-section-content-middle elementor-section-boxed elementor-section-height-default elementor-section-height-default\" data-id=\"438b1287\" data-element_type=\"section\" data-e-type=\"section\">\n\t\t\t\t\t\t<div class=\"elementor-container elementor-column-gap-extended\">\n\t\t\t\t\t<div class=\"elementor-column elementor-col-50 elementor-top-column elementor-element elementor-element-330a68fe\" data-id=\"330a68fe\" data-element_type=\"column\" data-e-type=\"column\">\n\t\t\t<div class=\"elementor-widget-wrap elementor-element-populated\">\n\t\t\t\t\t\t<div class=\"elementor-element elementor-element-3324f428 elementor-widget elementor-widget-text-editor\" data-id=\"3324f428\" data-element_type=\"widget\" data-e-type=\"widget\" data-widget_type=\"text-editor.default\">\n\t\t\t\t<div class=\"elementor-widget-container\">\n\t\t\t\t\t\t\t\t\t<p>\u00a0\u00a0\u00a0\u00a0\u00a0 He graduated from the Film and TV School of the Academy of Performing Arts in Prague (1984) with a degree in artistic photography. He habilitated as docent in the field of study 2.2.1 Fine arts at the Academy of Fine Arts and Design in Bratislava (2011). Presently, he is a head of the Studio of Communication in the Medium of Photography at the Department of Art Communication at the Faculty of Mass Media Communication of the University of Ss. Cyril and Methodius in Trnava. He has exhibited his works individually or as a part of a collective in the Czech Republic, Austria, Hungary, Germany, Italy, England, Sweden, Finland, Greece, France, Poland, Russia, Japan, USA.<\/p>\t\t\t\t\t\t\t\t<\/div>\n\t\t\t\t<\/div>\n\t\t\t\t\t<\/div>\n\t\t<\/div>\n\t\t\t\t<div class=\"elementor-column elementor-col-50 elementor-top-column elementor-element elementor-element-4ddb5e3d\" data-id=\"4ddb5e3d\" data-element_type=\"column\" data-e-type=\"column\">\n\t\t\t<div class=\"elementor-widget-wrap elementor-element-populated\">\n\t\t\t\t\t\t<div class=\"elementor-element elementor-element-7bc1fad7 elementor-widget elementor-widget-text-editor\" data-id=\"7bc1fad7\" data-element_type=\"widget\" data-e-type=\"widget\" data-widget_type=\"text-editor.default\">\n\t\t\t\t<div class=\"elementor-widget-container\">\n\t\t\t\t\t\t\t\t\t<p>\u00a0\u00a0\u00a0\u00a0\u00a0 His photographs are represented in several private and public collections: Museum of Applied Arts, Prague, Czech Republic; FMK Gallery, Budapest, Hungary; The Museum of Instant Images, Tilburg, Holland; Spi\u0161a Artists&#8217; Gallery, Spi\u0161sk\u00e1 Nov\u00e1 Ves, Slovak Republic; Museum and Cultural Center of South Zempl\u00edn, Trebi\u0161ov, Slovak Republic; Ernest Zmet\u00e1k Art Gallery, Nov\u00e9 Z\u00e1mky, Slovak Republic; Library of the University of Trnava. Trnava University, Trnava, Slovak Republic; Good Will Committee, Olga Havlova Foundation, Prague, 1991, Czech Republic; Museum of Photography, Central European House of Photography, Bratislava, Slovak Republic; Slovak National Gallery, Bratislava, Slovak Republic; Nova Photo Gallery, J. Bocatia Public Library, Hlavn\u00e1 48., Ko\u0161ice, Slovak Republic; Murray Forbes Foundation, The Navigator Foundation, Massachusetts, USA; Toronto\/London based Archive of Modern Conflict: Collection of photography during socialism in Central Europe &#8211; The Czech, Hungarian, Slovak and Polish authors and photographs; The Clarence Ward Art Library at Oberlin College in Oberlin, Ohio, USA.<\/p>\t\t\t\t\t\t\t\t<\/div>\n\t\t\t\t<\/div>\n\t\t\t\t\t<\/div>\n\t\t<\/div>\n\t\t\t\t\t<\/div>\n\t\t<\/section>\n\t\t\t\t<section class=\"elementor-section elementor-top-section elementor-element elementor-element-839ba25 elementor-section-boxed elementor-section-height-default elementor-section-height-default\" data-id=\"839ba25\" data-element_type=\"section\" data-e-type=\"section\">\n\t\t\t\t\t\t<div class=\"elementor-container elementor-column-gap-default\">\n\t\t\t\t\t<div class=\"elementor-column elementor-col-100 elementor-top-column elementor-element elementor-element-2d36afa0\" data-id=\"2d36afa0\" data-element_type=\"column\" data-e-type=\"column\">\n\t\t\t<div class=\"elementor-widget-wrap elementor-element-populated\">\n\t\t\t\t\t\t<div class=\"elementor-element elementor-element-a0c3d7f elementor-invisible elementor-widget elementor-widget-image\" data-id=\"a0c3d7f\" data-element_type=\"widget\" data-e-type=\"widget\" data-settings=\"{&quot;_animation&quot;:&quot;fadeIn&quot;}\" data-widget_type=\"image.default\">\n\t\t\t\t<div class=\"elementor-widget-container\">\n\t\t\t\t\t\t\t\t\t\t\t\t\t\t\t<img fetchpriority=\"high\" decoding=\"async\" width=\"1536\" height=\"1092\" src=\"https:\/\/www.jozefsedlak.sk\/wp-content\/uploads\/2024\/07\/portret_foto_Lubomir_Hajducik-1-1.jpg\" class=\"attachment-full size-full wp-image-1162\" alt=\"\" srcset=\"https:\/\/www.jozefsedlak.sk\/wp-content\/uploads\/2024\/07\/portret_foto_Lubomir_Hajducik-1-1.jpg 1536w, https:\/\/www.jozefsedlak.sk\/wp-content\/uploads\/2024\/07\/portret_foto_Lubomir_Hajducik-1-1-300x213.jpg 300w, https:\/\/www.jozefsedlak.sk\/wp-content\/uploads\/2024\/07\/portret_foto_Lubomir_Hajducik-1-1-1024x728.jpg 1024w, https:\/\/www.jozefsedlak.sk\/wp-content\/uploads\/2024\/07\/portret_foto_Lubomir_Hajducik-1-1-768x546.jpg 768w\" sizes=\"(max-width: 1536px) 100vw, 1536px\" \/>\t\t\t\t\t\t\t\t\t\t\t\t\t\t\t<\/div>\n\t\t\t\t<\/div>\n\t\t\t\t\t<\/div>\n\t\t<\/div>\n\t\t\t\t\t<\/div>\n\t\t<\/section>\n\t\t\t\t<section class=\"elementor-section elementor-top-section elementor-element elementor-element-dc5e561 elementor-section-content-middle elementor-section-boxed elementor-section-height-default elementor-section-height-default\" data-id=\"dc5e561\" data-element_type=\"section\" data-e-type=\"section\">\n\t\t\t\t\t\t<div class=\"elementor-container elementor-column-gap-extended\">\n\t\t\t\t\t<div class=\"elementor-column elementor-col-50 elementor-top-column elementor-element elementor-element-c949234\" data-id=\"c949234\" data-element_type=\"column\" data-e-type=\"column\">\n\t\t\t<div class=\"elementor-widget-wrap elementor-element-populated\">\n\t\t\t\t\t\t<div class=\"elementor-element elementor-element-182c7c1 elementor-widget elementor-widget-text-editor\" data-id=\"182c7c1\" data-element_type=\"widget\" data-e-type=\"widget\" data-widget_type=\"text-editor.default\">\n\t\t\t\t<div class=\"elementor-widget-container\">\n\t\t\t\t\t\t\t\t\t<p>His work is published in monographs: V\u00e1clav Macek \u2013 Jozef Sedl\u00e1k, Osveta Martin (1996); Jozef Sedl\u00e1k \u2013 Carnival, Fotofo Bratislava (1999); Jozef Sedl\u00e1k \u2013 God\u2019s Community, Fotofo Bratislava (2000); Cardinal Korec Still with Us, L\u00fa\u010d (2006); Te Deum Laudamus, L\u00fa\u010d (2015); Live Photograph Twice \u2013 Jozef Sedl\u00e1k, V\u0160VU Bratislava (2018); In the Confinement of Images, Photon \/ Fotofo \/ Central European House of Photography, Bratislava, 2021.<\/p>\t\t\t\t\t\t\t\t<\/div>\n\t\t\t\t<\/div>\n\t\t\t\t\t<\/div>\n\t\t<\/div>\n\t\t\t\t<div class=\"elementor-column elementor-col-50 elementor-top-column elementor-element elementor-element-878284a\" data-id=\"878284a\" data-element_type=\"column\" data-e-type=\"column\">\n\t\t\t<div class=\"elementor-widget-wrap elementor-element-populated\">\n\t\t\t\t\t\t<div class=\"elementor-element elementor-element-0e76472 elementor-widget elementor-widget-text-editor\" data-id=\"0e76472\" data-element_type=\"widget\" data-e-type=\"widget\" data-widget_type=\"text-editor.default\">\n\t\t\t\t<div class=\"elementor-widget-container\">\n\t\t\t\t\t\t\t\t\t<p>He is an author and editor of publications and grants: Photography as a Program of Communication, FMK UCM Trnava (KEGA 2011); Inner Worlds (Pictorial report, village of Hybe), FMK UCM Trnava (2014); Archaeology of Time (Brehov\/Rad), Minoritas, Jozef Sedl\u00e1k (2016); Where Man and Water Stems, FMK UCM Trnava (2018); Damnatio memoriae (Condemnation of Memory), Jozef Sedl\u00e1k, Neumahr Bratislava (2019); Association of amateur photographers YMCA and Foto-group KSTL Bratislava, Fotofo \/ Central European House of Photography, Bratislava, 2021; Petrik B\u00e9la, priest, photographer, chronicler, Fo Art \/Fotofo Central European House of Photography, Bratislava, 2023; Photomontage, FMK UCM in Trnava, 2024.<\/p>\t\t\t\t\t\t\t\t<\/div>\n\t\t\t\t<\/div>\n\t\t\t\t\t<\/div>\n\t\t<\/div>\n\t\t\t\t\t<\/div>\n\t\t<\/section>\n\t\t\t\t<section class=\"elementor-section elementor-top-section elementor-element elementor-element-2c6f8882 elementor-section-boxed elementor-section-height-default elementor-section-height-default\" data-id=\"2c6f8882\" data-element_type=\"section\" data-e-type=\"section\">\n\t\t\t\t\t\t<div class=\"elementor-container elementor-column-gap-default\">\n\t\t\t\t\t<div class=\"elementor-column elementor-col-100 elementor-top-column elementor-element elementor-element-5ebc6249\" data-id=\"5ebc6249\" data-element_type=\"column\" data-e-type=\"column\">\n\t\t\t<div class=\"elementor-widget-wrap elementor-element-populated\">\n\t\t\t\t\t\t<div class=\"elementor-element elementor-element-471c45ee elementor-widget-mobile__width-inherit elementor-widget elementor-widget-text-editor\" data-id=\"471c45ee\" data-element_type=\"widget\" data-e-type=\"widget\" data-widget_type=\"text-editor.default\">\n\t\t\t\t<div class=\"elementor-widget-container\">\n\t\t\t\t\t\t\t\t\t<p>\u00a0\u00a0\u00a0\u00a0 Authors work is involved in summarizing collective publications: The History of European Photography 1970-2000, Central European House of Photography (2016), (Un)visible to the Eyes, Spiritual and Religious Aspects in Contemporary Art, Alena Piatrov\u00e1, Daniela \u010carn\u00e1, Trnava University (2010), Eighties: Postmodernism in Slovak Art, SNG Bratislava (2009), Self-Portrait in Slovak Visual Art of the 2Oth Century, Zora Rusinov\u00e1, Veda, The Publishing House of the Slovak Academy of Sciences, Bratislava (2009), \u00a0Lost Time? Slovakia 1969-1989 in Documentary Photography, Petra Han\u00e1kov\u00e1, Aurel Hrabu\u0161ick\u00fd, SNG Bratislava (2007), Bratislava by the Back Door 1918-2005, Fotofo Bratislava (2005), Czech and Slovak Photography of the 1980s and 1990s, Helena Ri\u0161l\u00ednov\u00e1, Lucia Lendelov\u00e1, Tom\u00e1\u0161 Posp\u011bch, Olomouc Museum (2002), Family Album. SK, Slovart (2002), Slovak Photography 1925-2000, Modernism, Postmodernism, Post-Photography, SNG Bratislava (2001), History of Slovak Fine Arts \u2013 20<sup>th<\/sup> Century, Zora Rusinov\u00e1, SNG Bratislava (2000), Dictionary of International and Slovak Art of the Second Half of the 20<sup>th<\/sup> Century, Jana Ger\u017eov\u00e1, Profil, Bratislava (1999), Slovak Imaginative Photography, Fotofo Bratislava (1995), History of Slovak Photography, \u013dudov\u00edt Hlav\u00e1\u010d, Osveta Martin (1989).<\/p>\t\t\t\t\t\t\t\t<\/div>\n\t\t\t\t<\/div>\n\t\t\t\t\t<\/div>\n\t\t<\/div>\n\t\t\t\t\t<\/div>\n\t\t<\/section>\n\t\t\t\t<section class=\"elementor-section elementor-top-section elementor-element elementor-element-a2f5e05 elementor-section-boxed elementor-section-height-default elementor-section-height-default\" data-id=\"a2f5e05\" data-element_type=\"section\" data-e-type=\"section\">\n\t\t\t\t\t\t<div class=\"elementor-container elementor-column-gap-default\">\n\t\t\t\t\t<div class=\"elementor-column elementor-col-100 elementor-top-column elementor-element elementor-element-725a6310\" data-id=\"725a6310\" data-element_type=\"column\" data-e-type=\"column\">\n\t\t\t<div class=\"elementor-widget-wrap elementor-element-populated\">\n\t\t\t\t\t\t<div class=\"elementor-element elementor-element-61f6e6f9 elementor-widget elementor-widget-image\" data-id=\"61f6e6f9\" data-element_type=\"widget\" data-e-type=\"widget\" data-widget_type=\"image.default\">\n\t\t\t\t<div class=\"elementor-widget-container\">\n\t\t\t\t\t\t\t\t\t\t\t\t\t\t\t<img decoding=\"async\" width=\"1700\" height=\"1133\" src=\"https:\/\/www.jozefsedlak.sk\/wp-content\/uploads\/2024\/07\/Traismauer_17.jpg\" class=\"attachment-full size-full wp-image-694\" alt=\"\" srcset=\"https:\/\/www.jozefsedlak.sk\/wp-content\/uploads\/2024\/07\/Traismauer_17.jpg 1700w, https:\/\/www.jozefsedlak.sk\/wp-content\/uploads\/2024\/07\/Traismauer_17-300x200.jpg 300w, https:\/\/www.jozefsedlak.sk\/wp-content\/uploads\/2024\/07\/Traismauer_17-1024x682.jpg 1024w, https:\/\/www.jozefsedlak.sk\/wp-content\/uploads\/2024\/07\/Traismauer_17-768x512.jpg 768w, https:\/\/www.jozefsedlak.sk\/wp-content\/uploads\/2024\/07\/Traismauer_17-1536x1024.jpg 1536w\" sizes=\"(max-width: 1700px) 100vw, 1700px\" \/>\t\t\t\t\t\t\t\t\t\t\t\t\t\t\t<\/div>\n\t\t\t\t<\/div>\n\t\t\t\t\t<\/div>\n\t\t<\/div>\n\t\t\t\t\t<\/div>\n\t\t<\/section>\n\t\t\t\t<section class=\"elementor-section elementor-top-section elementor-element elementor-element-2cbe9f04 elementor-section-boxed elementor-section-height-default elementor-section-height-default\" data-id=\"2cbe9f04\" data-element_type=\"section\" data-e-type=\"section\">\n\t\t\t\t\t\t<div class=\"elementor-container elementor-column-gap-default\">\n\t\t\t\t\t<div class=\"elementor-column elementor-col-100 elementor-top-column elementor-element elementor-element-2a83e639\" data-id=\"2a83e639\" data-element_type=\"column\" data-e-type=\"column\">\n\t\t\t<div class=\"elementor-widget-wrap elementor-element-populated\">\n\t\t\t\t\t\t<div class=\"elementor-element elementor-element-1c5d76b0 elementor-widget-mobile__width-inherit elementor-widget elementor-widget-text-editor\" data-id=\"1c5d76b0\" data-element_type=\"widget\" data-e-type=\"widget\" data-widget_type=\"text-editor.default\">\n\t\t\t\t<div class=\"elementor-widget-container\">\n\t\t\t\t\t\t\t\t\t<p>\u00a0\u00a0\u00a0\u00a0 He has received numerous awards for his artwork: Award at III. Biennale of Photography, Cheb (1988), plaque and Order of Merit of the Republic of Hungary at international festival Art to Days in Budapest (1990); Winner of national round of international contest of documentary photography Fuji Film Euro Press Photo Awards in the category \u201cLife\u201d (1997, 1998); The Slovak Union of Visual Arts Award at the Biennale of Free Arts (2010); For professional activities and membership in district, regional, and nationwide commissions of the AMFO Slovakia competition, Director General of the Cultural Centre awarded him the \u201cHonour of the National Cultural Centre\u201d for lifetime contributions to the organization of AMFO competitions; He received Fra Angelico Award in the visual arts section (2019) by the ECS Council for Art; Honorable mention of the Slovak Art Union at the Biennale of Free Visual Arts festival (2024).\u00a0<\/p>\t\t\t\t\t\t\t\t<\/div>\n\t\t\t\t<\/div>\n\t\t\t\t\t<\/div>\n\t\t<\/div>\n\t\t\t\t\t<\/div>\n\t\t<\/section>\n\t\t\t\t<\/div>\n\t\t","protected":false},"excerpt":{"rendered":"<p>CV \u00a0\u00a0\u00a0\u00a0\u00a0 He graduated from the Film and TV School of the Academy of Performing Arts in Prague (1984) with [&hellip;]<\/p>\n","protected":false},"author":1,"featured_media":0,"parent":0,"menu_order":0,"comment_status":"closed","ping_status":"closed","template":"","meta":{"_acf_changed":false,"site-sidebar-layout":"no-sidebar","site-content-layout":"","ast-site-content-layout":"full-width-container","site-content-style":"default","site-sidebar-style":"default","ast-global-header-display":"","ast-banner-title-visibility":"","ast-main-header-display":"","ast-hfb-above-header-display":"","ast-hfb-below-header-display":"","ast-hfb-mobile-header-display":"","site-post-title":"disabled","ast-breadcrumbs-content":"","ast-featured-img":"disabled","footer-sml-layout":"","ast-disable-related-posts":"","theme-transparent-header-meta":"","adv-header-id-meta":"","stick-header-meta":"","header-above-stick-meta":"","header-main-stick-meta":"","header-below-stick-meta":"","astra-migrate-meta-layouts":"default","ast-page-background-enabled":"default","ast-page-background-meta":{"desktop":{"background-color":"var(--ast-global-color-4)","background-image":"","background-repeat":"repeat","background-position":"center center","background-size":"auto","background-attachment":"scroll","background-type":"","background-media":"","overlay-type":"","overlay-color":"","overlay-opacity":"","overlay-gradient":""},"tablet":{"background-color":"","background-image":"","background-repeat":"repeat","background-position":"center center","background-size":"auto","background-attachment":"scroll","background-type":"","background-media":"","overlay-type":"","overlay-color":"","overlay-opacity":"","overlay-gradient":""},"mobile":{"background-color":"","background-image":"","background-repeat":"repeat","background-position":"center center","background-size":"auto","background-attachment":"scroll","background-type":"","background-media":"","overlay-type":"","overlay-color":"","overlay-opacity":"","overlay-gradient":""}},"ast-content-background-meta":{"desktop":{"background-color":"var(--ast-global-color-5)","background-image":"","background-repeat":"repeat","background-position":"center center","background-size":"auto","background-attachment":"scroll","background-type":"","background-media":"","overlay-type":"","overlay-color":"","overlay-opacity":"","overlay-gradient":""},"tablet":{"background-color":"var(--ast-global-color-5)","background-image":"","background-repeat":"repeat","background-position":"center center","background-size":"auto","background-attachment":"scroll","background-type":"","background-media":"","overlay-type":"","overlay-color":"","overlay-opacity":"","overlay-gradient":""},"mobile":{"background-color":"var(--ast-global-color-5)","background-image":"","background-repeat":"repeat","background-position":"center center","background-size":"auto","background-attachment":"scroll","background-type":"","background-media":"","overlay-type":"","overlay-color":"","overlay-opacity":"","overlay-gradient":""}},"footnotes":""},"class_list":["post-1081","page","type-page","status-publish","hentry"],"acf":[],"yoast_head":"<!-- This site is optimized with the Yoast SEO plugin v27.4 - https:\/\/yoast.com\/product\/yoast-seo-wordpress\/ -->\n<title>CV - Jozef Sedl\u00e1k<\/title>\n<meta name=\"robots\" content=\"index, follow, max-snippet:-1, max-image-preview:large, max-video-preview:-1\" \/>\n<link rel=\"canonical\" href=\"https:\/\/www.jozefsedlak.sk\/en\/cv\/\" \/>\n<meta property=\"og:locale\" content=\"en_US\" \/>\n<meta property=\"og:type\" content=\"article\" \/>\n<meta property=\"og:title\" content=\"CV - Jozef Sedl\u00e1k\" \/>\n<meta property=\"og:description\" content=\"CV \u00a0\u00a0\u00a0\u00a0\u00a0 He graduated from the Film and TV School of the Academy of Performing Arts in Prague (1984) with [&hellip;]\" \/>\n<meta property=\"og:url\" content=\"https:\/\/www.jozefsedlak.sk\/en\/cv\/\" \/>\n<meta property=\"og:site_name\" content=\"Jozef Sedl\u00e1k\" \/>\n<meta property=\"article:modified_time\" content=\"2024-07-15T10:34:09+00:00\" \/>\n<meta property=\"og:image\" content=\"https:\/\/www.jozefsedlak.sk\/wp-content\/uploads\/2024\/07\/portret_foto_Lubomir_Hajducik-1-1.jpg\" \/>\n<meta name=\"twitter:card\" content=\"summary_large_image\" \/>\n<meta name=\"twitter:label1\" content=\"Est. reading time\" \/>\n\t<meta name=\"twitter:data1\" content=\"4 minutes\" \/>\n<script type=\"application\/ld+json\" class=\"yoast-schema-graph\">{\"@context\":\"https:\\\/\\\/schema.org\",\"@graph\":[{\"@type\":\"WebPage\",\"@id\":\"https:\\\/\\\/www.jozefsedlak.sk\\\/en\\\/cv\\\/\",\"url\":\"https:\\\/\\\/www.jozefsedlak.sk\\\/en\\\/cv\\\/\",\"name\":\"CV - Jozef Sedl\u00e1k\",\"isPartOf\":{\"@id\":\"https:\\\/\\\/www.jozefsedlak.sk\\\/en\\\/#website\"},\"primaryImageOfPage\":{\"@id\":\"https:\\\/\\\/www.jozefsedlak.sk\\\/en\\\/cv\\\/#primaryimage\"},\"image\":{\"@id\":\"https:\\\/\\\/www.jozefsedlak.sk\\\/en\\\/cv\\\/#primaryimage\"},\"thumbnailUrl\":\"https:\\\/\\\/www.jozefsedlak.sk\\\/wp-content\\\/uploads\\\/2024\\\/07\\\/portret_foto_Lubomir_Hajducik-1-1.jpg\",\"datePublished\":\"2024-07-01T20:03:23+00:00\",\"dateModified\":\"2024-07-15T10:34:09+00:00\",\"breadcrumb\":{\"@id\":\"https:\\\/\\\/www.jozefsedlak.sk\\\/en\\\/cv\\\/#breadcrumb\"},\"inLanguage\":\"en-US\",\"potentialAction\":[{\"@type\":\"ReadAction\",\"target\":[\"https:\\\/\\\/www.jozefsedlak.sk\\\/en\\\/cv\\\/\"]}]},{\"@type\":\"ImageObject\",\"inLanguage\":\"en-US\",\"@id\":\"https:\\\/\\\/www.jozefsedlak.sk\\\/en\\\/cv\\\/#primaryimage\",\"url\":\"https:\\\/\\\/www.jozefsedlak.sk\\\/wp-content\\\/uploads\\\/2024\\\/07\\\/portret_foto_Lubomir_Hajducik-1-1.jpg\",\"contentUrl\":\"https:\\\/\\\/www.jozefsedlak.sk\\\/wp-content\\\/uploads\\\/2024\\\/07\\\/portret_foto_Lubomir_Hajducik-1-1.jpg\"},{\"@type\":\"BreadcrumbList\",\"@id\":\"https:\\\/\\\/www.jozefsedlak.sk\\\/en\\\/cv\\\/#breadcrumb\",\"itemListElement\":[{\"@type\":\"ListItem\",\"position\":1,\"name\":\"Domovsk\u00e1 str\u00e1nka\",\"item\":\"https:\\\/\\\/www.jozefsedlak.sk\\\/en\\\/\"},{\"@type\":\"ListItem\",\"position\":2,\"name\":\"CV\"}]},{\"@type\":\"WebSite\",\"@id\":\"https:\\\/\\\/www.jozefsedlak.sk\\\/en\\\/#website\",\"url\":\"https:\\\/\\\/www.jozefsedlak.sk\\\/en\\\/\",\"name\":\"Jozef Sedl\u00e1k\",\"description\":\"\",\"potentialAction\":[{\"@type\":\"SearchAction\",\"target\":{\"@type\":\"EntryPoint\",\"urlTemplate\":\"https:\\\/\\\/www.jozefsedlak.sk\\\/en\\\/?s={search_term_string}\"},\"query-input\":{\"@type\":\"PropertyValueSpecification\",\"valueRequired\":true,\"valueName\":\"search_term_string\"}}],\"inLanguage\":\"en-US\"}]}<\/script>\n<!-- \/ Yoast SEO plugin. -->","yoast_head_json":{"title":"CV - Jozef Sedl\u00e1k","robots":{"index":"index","follow":"follow","max-snippet":"max-snippet:-1","max-image-preview":"max-image-preview:large","max-video-preview":"max-video-preview:-1"},"canonical":"https:\/\/www.jozefsedlak.sk\/en\/cv\/","og_locale":"en_US","og_type":"article","og_title":"CV - Jozef Sedl\u00e1k","og_description":"CV \u00a0\u00a0\u00a0\u00a0\u00a0 He graduated from the Film and TV School of the Academy of Performing Arts in Prague (1984) with [&hellip;]","og_url":"https:\/\/www.jozefsedlak.sk\/en\/cv\/","og_site_name":"Jozef Sedl\u00e1k","article_modified_time":"2024-07-15T10:34:09+00:00","og_image":[{"url":"https:\/\/www.jozefsedlak.sk\/wp-content\/uploads\/2024\/07\/portret_foto_Lubomir_Hajducik-1-1.jpg","type":"","width":"","height":""}],"twitter_card":"summary_large_image","twitter_misc":{"Est. reading time":"4 minutes"},"schema":{"@context":"https:\/\/schema.org","@graph":[{"@type":"WebPage","@id":"https:\/\/www.jozefsedlak.sk\/en\/cv\/","url":"https:\/\/www.jozefsedlak.sk\/en\/cv\/","name":"CV - Jozef Sedl\u00e1k","isPartOf":{"@id":"https:\/\/www.jozefsedlak.sk\/en\/#website"},"primaryImageOfPage":{"@id":"https:\/\/www.jozefsedlak.sk\/en\/cv\/#primaryimage"},"image":{"@id":"https:\/\/www.jozefsedlak.sk\/en\/cv\/#primaryimage"},"thumbnailUrl":"https:\/\/www.jozefsedlak.sk\/wp-content\/uploads\/2024\/07\/portret_foto_Lubomir_Hajducik-1-1.jpg","datePublished":"2024-07-01T20:03:23+00:00","dateModified":"2024-07-15T10:34:09+00:00","breadcrumb":{"@id":"https:\/\/www.jozefsedlak.sk\/en\/cv\/#breadcrumb"},"inLanguage":"en-US","potentialAction":[{"@type":"ReadAction","target":["https:\/\/www.jozefsedlak.sk\/en\/cv\/"]}]},{"@type":"ImageObject","inLanguage":"en-US","@id":"https:\/\/www.jozefsedlak.sk\/en\/cv\/#primaryimage","url":"https:\/\/www.jozefsedlak.sk\/wp-content\/uploads\/2024\/07\/portret_foto_Lubomir_Hajducik-1-1.jpg","contentUrl":"https:\/\/www.jozefsedlak.sk\/wp-content\/uploads\/2024\/07\/portret_foto_Lubomir_Hajducik-1-1.jpg"},{"@type":"BreadcrumbList","@id":"https:\/\/www.jozefsedlak.sk\/en\/cv\/#breadcrumb","itemListElement":[{"@type":"ListItem","position":1,"name":"Domovsk\u00e1 str\u00e1nka","item":"https:\/\/www.jozefsedlak.sk\/en\/"},{"@type":"ListItem","position":2,"name":"CV"}]},{"@type":"WebSite","@id":"https:\/\/www.jozefsedlak.sk\/en\/#website","url":"https:\/\/www.jozefsedlak.sk\/en\/","name":"Jozef Sedl\u00e1k","description":"","potentialAction":[{"@type":"SearchAction","target":{"@type":"EntryPoint","urlTemplate":"https:\/\/www.jozefsedlak.sk\/en\/?s={search_term_string}"},"query-input":{"@type":"PropertyValueSpecification","valueRequired":true,"valueName":"search_term_string"}}],"inLanguage":"en-US"}]}},"_links":{"self":[{"href":"https:\/\/www.jozefsedlak.sk\/en\/wp-json\/wp\/v2\/pages\/1081","targetHints":{"allow":["GET"]}}],"collection":[{"href":"https:\/\/www.jozefsedlak.sk\/en\/wp-json\/wp\/v2\/pages"}],"about":[{"href":"https:\/\/www.jozefsedlak.sk\/en\/wp-json\/wp\/v2\/types\/page"}],"author":[{"embeddable":true,"href":"https:\/\/www.jozefsedlak.sk\/en\/wp-json\/wp\/v2\/users\/1"}],"replies":[{"embeddable":true,"href":"https:\/\/www.jozefsedlak.sk\/en\/wp-json\/wp\/v2\/comments?post=1081"}],"version-history":[{"count":7,"href":"https:\/\/www.jozefsedlak.sk\/en\/wp-json\/wp\/v2\/pages\/1081\/revisions"}],"predecessor-version":[{"id":1166,"href":"https:\/\/www.jozefsedlak.sk\/en\/wp-json\/wp\/v2\/pages\/1081\/revisions\/1166"}],"wp:attachment":[{"href":"https:\/\/www.jozefsedlak.sk\/en\/wp-json\/wp\/v2\/media?parent=1081"}],"curies":[{"name":"wp","href":"https:\/\/api.w.org\/{rel}","templated":true}]}}